{"id":687,"date":"2024-10-02T15:21:42","date_gmt":"2024-10-02T15:21:42","guid":{"rendered":"https:\/\/express-hotel-aosta.ms2.decms.eu\/?page_id=687"},"modified":"2024-12-09T17:54:14","modified_gmt":"2024-12-09T17:54:14","slug":"chambre-standard","status":"publish","type":"page","link":"https:\/\/www.hotelexpressaosta.it\/fr\/chambres\/chambre-standard\/","title":{"rendered":"Chambre Standard"},"content":{"rendered":"<p>Les Chambres Standard, r\u00e9cemment r\u00e9nov\u00e9es, offrent un cadre accueillant et moderne avec une surface de 18 m\u00b2. \u00c9quip\u00e9e de deux lits simples, la chambre se distingue par un design fonctionnel aux tons chaleureux et conviviaux. Le parquet ajoute une touche d\u2019\u00e9l\u00e9gance, tandis que l\u2019am\u00e9nagement minimaliste assure confort et praticit\u00e9 pendant le s\u00e9jour.<\/p>\n<p>L\u2019espace de travail, comprenant un large bureau et des prises \u00e9lectriques situ\u00e9es \u00e0 la fois pr\u00e8s du lit et de la table, est id\u00e9al pour ceux qui ont besoin d\u2019un espace pour se concentrer ou brancher leurs appareils.<\/p>\n<details>\n<summary>Occupancy<\/summary>\n<ul>\n<li><a href=\"https:\/\/express-hotel-aosta.ms2.decms.eu\/fr\/chambre-standard\/chambre-standard-a-usage-individuel\/\">STANDARD \u00c0 USAGE SIMPLE<\/a><br \/>\nMax 1 personne<\/li>\n<li><a href=\"https:\/\/express-hotel-aosta.ms2.decms.eu\/fr\/chambre-standard\/chambre-standard-double\/\">STANDARD \u00c0 USAGE DOUBLE<\/a><br \/>\nMax 2 personnes &#8211; 2 lits s\u00e9par\u00e9s<\/li>\n<\/ul>\n<\/details>\n<details>\n<summary>\u00c9quipements dans toutes les chambres<\/summary>\n<p><em>Climatisation &#8211; Wi-Fi &#8211; Smart TV 43&Prime; &#8211; Salle de bain privative avec douche, s\u00e8che-cheveux et produits de toilette &#8211; Parking &#8211; Parquet &#8211; Bureau &#8211; Serrures \u00e9lectroniques<\/em><\/p>\n<\/details>\n","protected":false},"excerpt":{"rendered":"<p>Les Chambres Standard, r\u00e9cemment r\u00e9nov\u00e9es, offrent un cadre accueillant et moderne avec une surface de 18 m\u00b2. \u00c9quip\u00e9e de deux lits simples, la chambre se distingue par un design fonctionnel aux tons chaleureux et conviviaux. Le parquet ajoute une touche d\u2019\u00e9l\u00e9gance, tandis que l\u2019am\u00e9nagement minimaliste assure confort et praticit\u00e9 pendant le s\u00e9jour. L\u2019espace de travail, [&hellip;]<\/p>\n","protected":false},"author":12,"featured_media":1177,"parent":690,"menu_order":7,"comment_status":"closed","ping_status":"closed","template":"template-rooms-2.php","meta":{"footnotes":""},"class_list":["post-687","page","type-page","status-publish","has-post-thumbnail","hentry"],"yoast_head":"<!-- This site is optimized with the Yoast SEO plugin v27.3 - https:\/\/yoast.com\/product\/yoast-seo-wordpress\/ -->\n<title>Chambre Standard &#8211; Express Hotel Aosta<\/title>\n<meta name=\"description\" content=\"Les Chambres Standard, r\u00e9cemment r\u00e9nov\u00e9es, offrent un cadre accueillant et moderne avec une surface de 18 m\u00b2. \u00c9quip\u00e9e de deux lits simples, la chambre se distingue par un design fonctionnel aux tons chaleureux et conviviaux\" \/>\n<meta name=\"robots\" content=\"index, follow, max-snippet:-1, max-image-preview:large, max-video-preview:-1\" \/>\n<link rel=\"canonical\" href=\"https:\/\/www.hotelexpressaosta.it\/fr\/chambres\/chambre-standard\/\" \/>\n<meta property=\"og:locale\" content=\"fr_FR\" \/>\n<meta property=\"og:type\" content=\"article\" \/>\n<meta property=\"og:title\" content=\"Chambre Standard &#8211; Express Hotel Aosta\" \/>\n<meta property=\"og:description\" content=\"Les Chambres Standard, r\u00e9cemment r\u00e9nov\u00e9es, offrent un cadre accueillant et moderne avec une surface de 18 m\u00b2. \u00c9quip\u00e9e de deux lits simples, la chambre se distingue par un design fonctionnel aux tons chaleureux et conviviaux\" \/>\n<meta property=\"og:url\" content=\"https:\/\/www.hotelexpressaosta.it\/fr\/chambres\/chambre-standard\/\" \/>\n<meta property=\"og:site_name\" content=\"Express Hotel Aosta\" \/>\n<meta property=\"article:publisher\" content=\"https:\/\/www.facebook.com\/ExpressAosta\" \/>\n<meta property=\"article:modified_time\" content=\"2024-12-09T17:54:14+00:00\" \/>\n<meta property=\"og:image\" content=\"https:\/\/www.hotelexpressaosta.it\/wp-content\/uploads\/sites\/171\/2024\/10\/Doppia-Standard-Twin.jpg\" \/>\n\t<meta property=\"og:image:width\" content=\"1100\" \/>\n\t<meta property=\"og:image:height\" content=\"475\" \/>\n\t<meta property=\"og:image:type\" content=\"image\/jpeg\" \/>\n<meta name=\"twitter:card\" content=\"summary_large_image\" \/>\n<meta name=\"twitter:site\" content=\"@hotelexpressao\" \/>\n<meta name=\"twitter:label1\" content=\"Dur\u00e9e de lecture estim\u00e9e\" \/>\n\t<meta name=\"twitter:data1\" content=\"1 minute\" \/>\n<script type=\"application\/ld+json\" class=\"yoast-schema-graph\">{\"@context\":\"https:\\\/\\\/schema.org\",\"@graph\":[{\"@type\":\"WebPage\",\"@id\":\"https:\\\/\\\/www.hotelexpressaosta.it\\\/fr\\\/chambres\\\/chambre-standard\\\/\",\"url\":\"https:\\\/\\\/www.hotelexpressaosta.it\\\/fr\\\/chambres\\\/chambre-standard\\\/\",\"name\":\"Chambre Standard &#8211; Express Hotel Aosta\",\"isPartOf\":{\"@id\":\"https:\\\/\\\/www.hotelexpressaosta.it\\\/fr\\\/#website\"},\"primaryImageOfPage\":{\"@id\":\"https:\\\/\\\/www.hotelexpressaosta.it\\\/fr\\\/chambres\\\/chambre-standard\\\/#primaryimage\"},\"image\":{\"@id\":\"https:\\\/\\\/www.hotelexpressaosta.it\\\/fr\\\/chambres\\\/chambre-standard\\\/#primaryimage\"},\"thumbnailUrl\":\"https:\\\/\\\/www.hotelexpressaosta.it\\\/wp-content\\\/uploads\\\/sites\\\/171\\\/2025\\\/12\\\/Standard-10pro.jpeg\",\"datePublished\":\"2024-10-02T15:21:42+00:00\",\"dateModified\":\"2024-12-09T17:54:14+00:00\",\"description\":\"Les Chambres Standard, r\u00e9cemment r\u00e9nov\u00e9es, offrent un cadre accueillant et moderne avec une surface de 18 m\u00b2. \u00c9quip\u00e9e de deux lits simples, la chambre se distingue par un design fonctionnel aux tons chaleureux et conviviaux\",\"breadcrumb\":{\"@id\":\"https:\\\/\\\/www.hotelexpressaosta.it\\\/fr\\\/chambres\\\/chambre-standard\\\/#breadcrumb\"},\"inLanguage\":\"fr-FR\",\"potentialAction\":[{\"@type\":\"ReadAction\",\"target\":[\"https:\\\/\\\/www.hotelexpressaosta.it\\\/fr\\\/chambres\\\/chambre-standard\\\/\"]}]},{\"@type\":\"ImageObject\",\"inLanguage\":\"fr-FR\",\"@id\":\"https:\\\/\\\/www.hotelexpressaosta.it\\\/fr\\\/chambres\\\/chambre-standard\\\/#primaryimage\",\"url\":\"https:\\\/\\\/www.hotelexpressaosta.it\\\/wp-content\\\/uploads\\\/sites\\\/171\\\/2025\\\/12\\\/Standard-10pro.jpeg\",\"contentUrl\":\"https:\\\/\\\/www.hotelexpressaosta.it\\\/wp-content\\\/uploads\\\/sites\\\/171\\\/2025\\\/12\\\/Standard-10pro.jpeg\",\"width\":1595,\"height\":1200},{\"@type\":\"BreadcrumbList\",\"@id\":\"https:\\\/\\\/www.hotelexpressaosta.it\\\/fr\\\/chambres\\\/chambre-standard\\\/#breadcrumb\",\"itemListElement\":[{\"@type\":\"ListItem\",\"position\":1,\"name\":\"Home\",\"item\":\"https:\\\/\\\/www.hotelexpressaosta.it\\\/fr\\\/\"},{\"@type\":\"ListItem\",\"position\":2,\"name\":\"Chambres\",\"item\":\"https:\\\/\\\/www.hotelexpressaosta.it\\\/fr\\\/chambres\\\/\"},{\"@type\":\"ListItem\",\"position\":3,\"name\":\"Chambre Standard\"}]},{\"@type\":\"WebSite\",\"@id\":\"https:\\\/\\\/www.hotelexpressaosta.it\\\/fr\\\/#website\",\"url\":\"https:\\\/\\\/www.hotelexpressaosta.it\\\/fr\\\/\",\"name\":\"Express Hotel Aosta\",\"description\":\"Express H\u00f4tel situ\u00e9 au c\u0153ur d'Aoste\",\"publisher\":{\"@id\":\"https:\\\/\\\/www.hotelexpressaosta.it\\\/fr\\\/#organization\"},\"alternateName\":\"Express Hotel Aosta\",\"potentialAction\":[{\"@type\":\"SearchAction\",\"target\":{\"@type\":\"EntryPoint\",\"urlTemplate\":\"https:\\\/\\\/www.hotelexpressaosta.it\\\/fr\\\/?s={search_term_string}\"},\"query-input\":{\"@type\":\"PropertyValueSpecification\",\"valueRequired\":true,\"valueName\":\"search_term_string\"}}],\"inLanguage\":\"fr-FR\"},{\"@type\":\"Organization\",\"@id\":\"https:\\\/\\\/www.hotelexpressaosta.it\\\/fr\\\/#organization\",\"name\":\"Express Hotel Aosta\",\"alternateName\":\"Express Hotel Aosta\",\"url\":\"https:\\\/\\\/www.hotelexpressaosta.it\\\/fr\\\/\",\"logo\":{\"@type\":\"ImageObject\",\"inLanguage\":\"fr-FR\",\"@id\":\"https:\\\/\\\/www.hotelexpressaosta.it\\\/fr\\\/#\\\/schema\\\/logo\\\/image\\\/\",\"url\":\"https:\\\/\\\/www.hotelexpressaosta.it\\\/wp-content\\\/uploads\\\/sites\\\/171\\\/2024\\\/10\\\/1-logo-express.png\",\"contentUrl\":\"https:\\\/\\\/www.hotelexpressaosta.it\\\/wp-content\\\/uploads\\\/sites\\\/171\\\/2024\\\/10\\\/1-logo-express.png\",\"width\":250,\"height\":77,\"caption\":\"Express Hotel Aosta\"},\"image\":{\"@id\":\"https:\\\/\\\/www.hotelexpressaosta.it\\\/fr\\\/#\\\/schema\\\/logo\\\/image\\\/\"},\"sameAs\":[\"https:\\\/\\\/www.facebook.com\\\/ExpressAosta\",\"https:\\\/\\\/x.com\\\/hotelexpressao\"]}]}<\/script>\n<!-- \/ Yoast SEO plugin. -->","yoast_head_json":{"title":"Chambre Standard &#8211; Express Hotel Aosta","description":"Les Chambres Standard, r\u00e9cemment r\u00e9nov\u00e9es, offrent un cadre accueillant et moderne avec une surface de 18 m\u00b2. \u00c9quip\u00e9e de deux lits simples, la chambre se distingue par un design fonctionnel aux tons chaleureux et conviviaux","robots":{"index":"index","follow":"follow","max-snippet":"max-snippet:-1","max-image-preview":"max-image-preview:large","max-video-preview":"max-video-preview:-1"},"canonical":"https:\/\/www.hotelexpressaosta.it\/fr\/chambres\/chambre-standard\/","og_locale":"fr_FR","og_type":"article","og_title":"Chambre Standard &#8211; Express Hotel Aosta","og_description":"Les Chambres Standard, r\u00e9cemment r\u00e9nov\u00e9es, offrent un cadre accueillant et moderne avec une surface de 18 m\u00b2. \u00c9quip\u00e9e de deux lits simples, la chambre se distingue par un design fonctionnel aux tons chaleureux et conviviaux","og_url":"https:\/\/www.hotelexpressaosta.it\/fr\/chambres\/chambre-standard\/","og_site_name":"Express Hotel Aosta","article_publisher":"https:\/\/www.facebook.com\/ExpressAosta","article_modified_time":"2024-12-09T17:54:14+00:00","og_image":[{"width":1100,"height":475,"url":"https:\/\/www.hotelexpressaosta.it\/wp-content\/uploads\/sites\/171\/2024\/10\/Doppia-Standard-Twin.jpg","type":"image\/jpeg"}],"twitter_card":"summary_large_image","twitter_site":"@hotelexpressao","twitter_misc":{"Dur\u00e9e de lecture estim\u00e9e":"1 minute"},"schema":{"@context":"https:\/\/schema.org","@graph":[{"@type":"WebPage","@id":"https:\/\/www.hotelexpressaosta.it\/fr\/chambres\/chambre-standard\/","url":"https:\/\/www.hotelexpressaosta.it\/fr\/chambres\/chambre-standard\/","name":"Chambre Standard &#8211; Express Hotel Aosta","isPartOf":{"@id":"https:\/\/www.hotelexpressaosta.it\/fr\/#website"},"primaryImageOfPage":{"@id":"https:\/\/www.hotelexpressaosta.it\/fr\/chambres\/chambre-standard\/#primaryimage"},"image":{"@id":"https:\/\/www.hotelexpressaosta.it\/fr\/chambres\/chambre-standard\/#primaryimage"},"thumbnailUrl":"https:\/\/www.hotelexpressaosta.it\/wp-content\/uploads\/sites\/171\/2025\/12\/Standard-10pro.jpeg","datePublished":"2024-10-02T15:21:42+00:00","dateModified":"2024-12-09T17:54:14+00:00","description":"Les Chambres Standard, r\u00e9cemment r\u00e9nov\u00e9es, offrent un cadre accueillant et moderne avec une surface de 18 m\u00b2. \u00c9quip\u00e9e de deux lits simples, la chambre se distingue par un design fonctionnel aux tons chaleureux et conviviaux","breadcrumb":{"@id":"https:\/\/www.hotelexpressaosta.it\/fr\/chambres\/chambre-standard\/#breadcrumb"},"inLanguage":"fr-FR","potentialAction":[{"@type":"ReadAction","target":["https:\/\/www.hotelexpressaosta.it\/fr\/chambres\/chambre-standard\/"]}]},{"@type":"ImageObject","inLanguage":"fr-FR","@id":"https:\/\/www.hotelexpressaosta.it\/fr\/chambres\/chambre-standard\/#primaryimage","url":"https:\/\/www.hotelexpressaosta.it\/wp-content\/uploads\/sites\/171\/2025\/12\/Standard-10pro.jpeg","contentUrl":"https:\/\/www.hotelexpressaosta.it\/wp-content\/uploads\/sites\/171\/2025\/12\/Standard-10pro.jpeg","width":1595,"height":1200},{"@type":"BreadcrumbList","@id":"https:\/\/www.hotelexpressaosta.it\/fr\/chambres\/chambre-standard\/#breadcrumb","itemListElement":[{"@type":"ListItem","position":1,"name":"Home","item":"https:\/\/www.hotelexpressaosta.it\/fr\/"},{"@type":"ListItem","position":2,"name":"Chambres","item":"https:\/\/www.hotelexpressaosta.it\/fr\/chambres\/"},{"@type":"ListItem","position":3,"name":"Chambre Standard"}]},{"@type":"WebSite","@id":"https:\/\/www.hotelexpressaosta.it\/fr\/#website","url":"https:\/\/www.hotelexpressaosta.it\/fr\/","name":"Express Hotel Aosta","description":"Express H\u00f4tel situ\u00e9 au c\u0153ur d'Aoste","publisher":{"@id":"https:\/\/www.hotelexpressaosta.it\/fr\/#organization"},"alternateName":"Express Hotel Aosta","potentialAction":[{"@type":"SearchAction","target":{"@type":"EntryPoint","urlTemplate":"https:\/\/www.hotelexpressaosta.it\/fr\/?s={search_term_string}"},"query-input":{"@type":"PropertyValueSpecification","valueRequired":true,"valueName":"search_term_string"}}],"inLanguage":"fr-FR"},{"@type":"Organization","@id":"https:\/\/www.hotelexpressaosta.it\/fr\/#organization","name":"Express Hotel Aosta","alternateName":"Express Hotel Aosta","url":"https:\/\/www.hotelexpressaosta.it\/fr\/","logo":{"@type":"ImageObject","inLanguage":"fr-FR","@id":"https:\/\/www.hotelexpressaosta.it\/fr\/#\/schema\/logo\/image\/","url":"https:\/\/www.hotelexpressaosta.it\/wp-content\/uploads\/sites\/171\/2024\/10\/1-logo-express.png","contentUrl":"https:\/\/www.hotelexpressaosta.it\/wp-content\/uploads\/sites\/171\/2024\/10\/1-logo-express.png","width":250,"height":77,"caption":"Express Hotel Aosta"},"image":{"@id":"https:\/\/www.hotelexpressaosta.it\/fr\/#\/schema\/logo\/image\/"},"sameAs":["https:\/\/www.facebook.com\/ExpressAosta","https:\/\/x.com\/hotelexpressao"]}]}},"acf":[],"_links":{"self":[{"href":"https:\/\/www.hotelexpressaosta.it\/fr\/wp-json\/wp\/v2\/pages\/687","targetHints":{"allow":["GET"]}}],"collection":[{"href":"https:\/\/www.hotelexpressaosta.it\/fr\/wp-json\/wp\/v2\/pages"}],"about":[{"href":"https:\/\/www.hotelexpressaosta.it\/fr\/wp-json\/wp\/v2\/types\/page"}],"author":[{"embeddable":true,"href":"https:\/\/www.hotelexpressaosta.it\/fr\/wp-json\/wp\/v2\/users\/12"}],"replies":[{"embeddable":true,"href":"https:\/\/www.hotelexpressaosta.it\/fr\/wp-json\/wp\/v2\/comments?post=687"}],"version-history":[{"count":0,"href":"https:\/\/www.hotelexpressaosta.it\/fr\/wp-json\/wp\/v2\/pages\/687\/revisions"}],"up":[{"embeddable":true,"href":"https:\/\/www.hotelexpressaosta.it\/fr\/wp-json\/wp\/v2\/pages\/690"}],"wp:featuredmedia":[{"embeddable":true,"href":"https:\/\/www.hotelexpressaosta.it\/fr\/wp-json\/wp\/v2\/media\/1177"}],"wp:attachment":[{"href":"https:\/\/www.hotelexpressaosta.it\/fr\/wp-json\/wp\/v2\/media?parent=687"}],"curies":[{"name":"wp","href":"https:\/\/api.w.org\/{rel}","templated":true}]}}