{"id":754,"date":"2024-10-18T08:27:35","date_gmt":"2024-10-18T08:27:35","guid":{"rendered":"https:\/\/express-hotel-aosta.ms2.decms.eu\/?page_id=754"},"modified":"2024-12-10T16:44:27","modified_gmt":"2024-12-10T16:44:27","slug":"chambre-deluxe-double","status":"publish","type":"page","link":"https:\/\/www.hotelexpressaosta.it\/fr\/chambres\/chambre-deluxe\/chambre-deluxe-double\/","title":{"rendered":"Chambre Deluxe Double"},"content":{"rendered":"<p>R\u00e9cemment r\u00e9nov\u00e9es, les chambres Deluxe du deuxi\u00e8me \u00e9tage offrent un cadre \u00e9l\u00e9gant qui c\u00e9l\u00e8bre la beaut\u00e9 du paysage vald\u00f4tain. Les chambres sont caract\u00e9ris\u00e9es par une gigantographie des montagnes ou des ch\u00e2teaux de la Vall\u00e9e d&rsquo;Aoste, cr\u00e9ant une atmosph\u00e8re unique.<\/p>\n<p>Ces chambres sont con\u00e7ues pour garantir un confort optimal, avec un vaste espace de s\u00e9jour am\u00e9nag\u00e9 avec un canap\u00e9 confortable et deux fauteuils, parfait pour un moment de d\u00e9tente.<\/p>\n<p>Avec une superficie de 30 m\u00b2, notre chambre Deluxe est id\u00e9ale pour un s\u00e9jour confortable \u00e0 Aoste.<\/p>\n<p>&nbsp;<\/p>\n","protected":false},"excerpt":{"rendered":"<p>R\u00e9cemment r\u00e9nov\u00e9es, les chambres Deluxe du deuxi\u00e8me \u00e9tage offrent un cadre \u00e9l\u00e9gant qui c\u00e9l\u00e8bre la beaut\u00e9 du paysage vald\u00f4tain. Les chambres sont caract\u00e9ris\u00e9es par une gigantographie des montagnes ou des ch\u00e2teaux de la Vall\u00e9e d&rsquo;Aoste, cr\u00e9ant une atmosph\u00e8re unique. Ces chambres sont con\u00e7ues pour garantir un confort optimal, avec un vaste espace de s\u00e9jour am\u00e9nag\u00e9 [&hellip;]<\/p>\n","protected":false},"author":12,"featured_media":1302,"parent":763,"menu_order":32,"comment_status":"closed","ping_status":"closed","template":"template-single-room.php","meta":{"footnotes":""},"class_list":["post-754","page","type-page","status-publish","has-post-thumbnail","hentry"],"yoast_head":"<!-- This site is optimized with the Yoast SEO plugin v27.3 - https:\/\/yoast.com\/product\/yoast-seo-wordpress\/ -->\n<title>Chambre Deluxe Double &#8211; Express Hotel Aosta<\/title>\n<meta name=\"description\" content=\"R\u00e9cemment r\u00e9nov\u00e9es, les chambres Deluxe du deuxi\u00e8me \u00e9tage offrent un cadre \u00e9l\u00e9gant qui c\u00e9l\u00e8bre la beaut\u00e9 du paysage vald\u00f4tain. Les chambres sont caract\u00e9ris\u00e9es par une gigantographie des montagnes ou des ch\u00e2teaux de la Vall\u00e9e d&#039;Aoste, cr\u00e9ant une atmosph\u00e8re unique.  Ces chambres sont con\u00e7ues pour garantir un confort optimal, avec un vaste espace de s\u00e9jour am\u00e9nag\u00e9 avec un canap\u00e9 confortable et deux fauteuils, parfait pour un moment de d\u00e9tente.  Avec une superficie de 30 m\u00b2, notre chambre Deluxe est id\u00e9ale pour un s\u00e9jour confortable \u00e0 Aoste.  &nbsp;\" \/>\n<meta name=\"robots\" content=\"index, follow, max-snippet:-1, max-image-preview:large, max-video-preview:-1\" \/>\n<link rel=\"canonical\" href=\"https:\/\/www.hotelexpressaosta.it\/fr\/chambres\/chambre-deluxe\/chambre-deluxe-double\/\" \/>\n<meta property=\"og:locale\" content=\"fr_FR\" \/>\n<meta property=\"og:type\" content=\"article\" \/>\n<meta property=\"og:title\" content=\"Chambre Deluxe Double &#8211; Express Hotel Aosta\" \/>\n<meta property=\"og:description\" content=\"R\u00e9cemment r\u00e9nov\u00e9es, les chambres Deluxe du deuxi\u00e8me \u00e9tage offrent un cadre \u00e9l\u00e9gant qui c\u00e9l\u00e8bre la beaut\u00e9 du paysage vald\u00f4tain. Les chambres sont caract\u00e9ris\u00e9es par une gigantographie des montagnes ou des ch\u00e2teaux de la Vall\u00e9e d&#039;Aoste, cr\u00e9ant une atmosph\u00e8re unique.  Ces chambres sont con\u00e7ues pour garantir un confort optimal, avec un vaste espace de s\u00e9jour am\u00e9nag\u00e9 avec un canap\u00e9 confortable et deux fauteuils, parfait pour un moment de d\u00e9tente.  Avec une superficie de 30 m\u00b2, notre chambre Deluxe est id\u00e9ale pour un s\u00e9jour confortable \u00e0 Aoste.  &nbsp;\" \/>\n<meta property=\"og:url\" content=\"https:\/\/www.hotelexpressaosta.it\/fr\/chambres\/chambre-deluxe\/chambre-deluxe-double\/\" \/>\n<meta property=\"og:site_name\" content=\"Express Hotel Aosta\" \/>\n<meta property=\"article:publisher\" content=\"https:\/\/www.facebook.com\/ExpressAosta\" \/>\n<meta property=\"article:modified_time\" content=\"2024-12-10T16:44:27+00:00\" \/>\n<meta property=\"og:image\" content=\"https:\/\/www.hotelexpressaosta.it\/wp-content\/uploads\/sites\/171\/2024\/10\/Doppia-Deluxe-Matrimoniale.jpg\" \/>\n\t<meta property=\"og:image:width\" content=\"1200\" \/>\n\t<meta property=\"og:image:height\" content=\"586\" \/>\n\t<meta property=\"og:image:type\" content=\"image\/jpeg\" \/>\n<meta name=\"twitter:card\" content=\"summary_large_image\" \/>\n<meta name=\"twitter:site\" content=\"@hotelexpressao\" \/>\n<meta name=\"twitter:label1\" content=\"Dur\u00e9e de lecture estim\u00e9e\" \/>\n\t<meta name=\"twitter:data1\" content=\"1 minute\" \/>\n<script type=\"application\/ld+json\" class=\"yoast-schema-graph\">{\"@context\":\"https:\\\/\\\/schema.org\",\"@graph\":[{\"@type\":\"WebPage\",\"@id\":\"https:\\\/\\\/www.hotelexpressaosta.it\\\/fr\\\/chambres\\\/chambre-deluxe\\\/chambre-deluxe-double\\\/\",\"url\":\"https:\\\/\\\/www.hotelexpressaosta.it\\\/fr\\\/chambres\\\/chambre-deluxe\\\/chambre-deluxe-double\\\/\",\"name\":\"Chambre Deluxe Double &#8211; Express Hotel Aosta\",\"isPartOf\":{\"@id\":\"https:\\\/\\\/www.hotelexpressaosta.it\\\/fr\\\/#website\"},\"primaryImageOfPage\":{\"@id\":\"https:\\\/\\\/www.hotelexpressaosta.it\\\/fr\\\/chambres\\\/chambre-deluxe\\\/chambre-deluxe-double\\\/#primaryimage\"},\"image\":{\"@id\":\"https:\\\/\\\/www.hotelexpressaosta.it\\\/fr\\\/chambres\\\/chambre-deluxe\\\/chambre-deluxe-double\\\/#primaryimage\"},\"thumbnailUrl\":\"https:\\\/\\\/www.hotelexpressaosta.it\\\/wp-content\\\/uploads\\\/sites\\\/171\\\/2025\\\/12\\\/220-Deluxe-M-2\u00b0p-10pro.jpeg\",\"datePublished\":\"2024-10-18T08:27:35+00:00\",\"dateModified\":\"2024-12-10T16:44:27+00:00\",\"description\":\"R\u00e9cemment r\u00e9nov\u00e9es, les chambres Deluxe du deuxi\u00e8me \u00e9tage offrent un cadre \u00e9l\u00e9gant qui c\u00e9l\u00e8bre la beaut\u00e9 du paysage vald\u00f4tain. Les chambres sont caract\u00e9ris\u00e9es par une gigantographie des montagnes ou des ch\u00e2teaux de la Vall\u00e9e d'Aoste, cr\u00e9ant une atmosph\u00e8re unique. Ces chambres sont con\u00e7ues pour garantir un confort optimal, avec un vaste espace de s\u00e9jour am\u00e9nag\u00e9 avec un canap\u00e9 confortable et deux fauteuils, parfait pour un moment de d\u00e9tente. Avec une superficie de 30 m\u00b2, notre chambre Deluxe est id\u00e9ale pour un s\u00e9jour confortable \u00e0 Aoste. &nbsp;\",\"breadcrumb\":{\"@id\":\"https:\\\/\\\/www.hotelexpressaosta.it\\\/fr\\\/chambres\\\/chambre-deluxe\\\/chambre-deluxe-double\\\/#breadcrumb\"},\"inLanguage\":\"fr-FR\",\"potentialAction\":[{\"@type\":\"ReadAction\",\"target\":[\"https:\\\/\\\/www.hotelexpressaosta.it\\\/fr\\\/chambres\\\/chambre-deluxe\\\/chambre-deluxe-double\\\/\"]}]},{\"@type\":\"ImageObject\",\"inLanguage\":\"fr-FR\",\"@id\":\"https:\\\/\\\/www.hotelexpressaosta.it\\\/fr\\\/chambres\\\/chambre-deluxe\\\/chambre-deluxe-double\\\/#primaryimage\",\"url\":\"https:\\\/\\\/www.hotelexpressaosta.it\\\/wp-content\\\/uploads\\\/sites\\\/171\\\/2025\\\/12\\\/220-Deluxe-M-2\u00b0p-10pro.jpeg\",\"contentUrl\":\"https:\\\/\\\/www.hotelexpressaosta.it\\\/wp-content\\\/uploads\\\/sites\\\/171\\\/2025\\\/12\\\/220-Deluxe-M-2\u00b0p-10pro.jpeg\",\"width\":1594,\"height\":1200},{\"@type\":\"BreadcrumbList\",\"@id\":\"https:\\\/\\\/www.hotelexpressaosta.it\\\/fr\\\/chambres\\\/chambre-deluxe\\\/chambre-deluxe-double\\\/#breadcrumb\",\"itemListElement\":[{\"@type\":\"ListItem\",\"position\":1,\"name\":\"Home\",\"item\":\"https:\\\/\\\/www.hotelexpressaosta.it\\\/fr\\\/\"},{\"@type\":\"ListItem\",\"position\":2,\"name\":\"Chambres\",\"item\":\"https:\\\/\\\/www.hotelexpressaosta.it\\\/fr\\\/chambres\\\/\"},{\"@type\":\"ListItem\",\"position\":3,\"name\":\"Chambre Deluxe\",\"item\":\"https:\\\/\\\/www.hotelexpressaosta.it\\\/fr\\\/chambres\\\/chambre-deluxe\\\/\"},{\"@type\":\"ListItem\",\"position\":4,\"name\":\"Chambre Deluxe Double\"}]},{\"@type\":\"WebSite\",\"@id\":\"https:\\\/\\\/www.hotelexpressaosta.it\\\/fr\\\/#website\",\"url\":\"https:\\\/\\\/www.hotelexpressaosta.it\\\/fr\\\/\",\"name\":\"Express Hotel Aosta\",\"description\":\"Express H\u00f4tel situ\u00e9 au c\u0153ur d'Aoste\",\"publisher\":{\"@id\":\"https:\\\/\\\/www.hotelexpressaosta.it\\\/fr\\\/#organization\"},\"alternateName\":\"Express Hotel Aosta\",\"potentialAction\":[{\"@type\":\"SearchAction\",\"target\":{\"@type\":\"EntryPoint\",\"urlTemplate\":\"https:\\\/\\\/www.hotelexpressaosta.it\\\/fr\\\/?s={search_term_string}\"},\"query-input\":{\"@type\":\"PropertyValueSpecification\",\"valueRequired\":true,\"valueName\":\"search_term_string\"}}],\"inLanguage\":\"fr-FR\"},{\"@type\":\"Organization\",\"@id\":\"https:\\\/\\\/www.hotelexpressaosta.it\\\/fr\\\/#organization\",\"name\":\"Express Hotel Aosta\",\"alternateName\":\"Express Hotel Aosta\",\"url\":\"https:\\\/\\\/www.hotelexpressaosta.it\\\/fr\\\/\",\"logo\":{\"@type\":\"ImageObject\",\"inLanguage\":\"fr-FR\",\"@id\":\"https:\\\/\\\/www.hotelexpressaosta.it\\\/fr\\\/#\\\/schema\\\/logo\\\/image\\\/\",\"url\":\"https:\\\/\\\/www.hotelexpressaosta.it\\\/wp-content\\\/uploads\\\/sites\\\/171\\\/2024\\\/10\\\/1-logo-express.png\",\"contentUrl\":\"https:\\\/\\\/www.hotelexpressaosta.it\\\/wp-content\\\/uploads\\\/sites\\\/171\\\/2024\\\/10\\\/1-logo-express.png\",\"width\":250,\"height\":77,\"caption\":\"Express Hotel Aosta\"},\"image\":{\"@id\":\"https:\\\/\\\/www.hotelexpressaosta.it\\\/fr\\\/#\\\/schema\\\/logo\\\/image\\\/\"},\"sameAs\":[\"https:\\\/\\\/www.facebook.com\\\/ExpressAosta\",\"https:\\\/\\\/x.com\\\/hotelexpressao\"]}]}<\/script>\n<!-- \/ Yoast SEO plugin. -->","yoast_head_json":{"title":"Chambre Deluxe Double &#8211; Express Hotel Aosta","description":"R\u00e9cemment r\u00e9nov\u00e9es, les chambres Deluxe du deuxi\u00e8me \u00e9tage offrent un cadre \u00e9l\u00e9gant qui c\u00e9l\u00e8bre la beaut\u00e9 du paysage vald\u00f4tain. Les chambres sont caract\u00e9ris\u00e9es par une gigantographie des montagnes ou des ch\u00e2teaux de la Vall\u00e9e d'Aoste, cr\u00e9ant une atmosph\u00e8re unique.  Ces chambres sont con\u00e7ues pour garantir un confort optimal, avec un vaste espace de s\u00e9jour am\u00e9nag\u00e9 avec un canap\u00e9 confortable et deux fauteuils, parfait pour un moment de d\u00e9tente.  Avec une superficie de 30 m\u00b2, notre chambre Deluxe est id\u00e9ale pour un s\u00e9jour confortable \u00e0 Aoste.  &nbsp;","robots":{"index":"index","follow":"follow","max-snippet":"max-snippet:-1","max-image-preview":"max-image-preview:large","max-video-preview":"max-video-preview:-1"},"canonical":"https:\/\/www.hotelexpressaosta.it\/fr\/chambres\/chambre-deluxe\/chambre-deluxe-double\/","og_locale":"fr_FR","og_type":"article","og_title":"Chambre Deluxe Double &#8211; Express Hotel Aosta","og_description":"R\u00e9cemment r\u00e9nov\u00e9es, les chambres Deluxe du deuxi\u00e8me \u00e9tage offrent un cadre \u00e9l\u00e9gant qui c\u00e9l\u00e8bre la beaut\u00e9 du paysage vald\u00f4tain. Les chambres sont caract\u00e9ris\u00e9es par une gigantographie des montagnes ou des ch\u00e2teaux de la Vall\u00e9e d'Aoste, cr\u00e9ant une atmosph\u00e8re unique.  Ces chambres sont con\u00e7ues pour garantir un confort optimal, avec un vaste espace de s\u00e9jour am\u00e9nag\u00e9 avec un canap\u00e9 confortable et deux fauteuils, parfait pour un moment de d\u00e9tente.  Avec une superficie de 30 m\u00b2, notre chambre Deluxe est id\u00e9ale pour un s\u00e9jour confortable \u00e0 Aoste.  &nbsp;","og_url":"https:\/\/www.hotelexpressaosta.it\/fr\/chambres\/chambre-deluxe\/chambre-deluxe-double\/","og_site_name":"Express Hotel Aosta","article_publisher":"https:\/\/www.facebook.com\/ExpressAosta","article_modified_time":"2024-12-10T16:44:27+00:00","og_image":[{"width":1200,"height":586,"url":"https:\/\/www.hotelexpressaosta.it\/wp-content\/uploads\/sites\/171\/2024\/10\/Doppia-Deluxe-Matrimoniale.jpg","type":"image\/jpeg"}],"twitter_card":"summary_large_image","twitter_site":"@hotelexpressao","twitter_misc":{"Dur\u00e9e de lecture estim\u00e9e":"1 minute"},"schema":{"@context":"https:\/\/schema.org","@graph":[{"@type":"WebPage","@id":"https:\/\/www.hotelexpressaosta.it\/fr\/chambres\/chambre-deluxe\/chambre-deluxe-double\/","url":"https:\/\/www.hotelexpressaosta.it\/fr\/chambres\/chambre-deluxe\/chambre-deluxe-double\/","name":"Chambre Deluxe Double &#8211; Express Hotel Aosta","isPartOf":{"@id":"https:\/\/www.hotelexpressaosta.it\/fr\/#website"},"primaryImageOfPage":{"@id":"https:\/\/www.hotelexpressaosta.it\/fr\/chambres\/chambre-deluxe\/chambre-deluxe-double\/#primaryimage"},"image":{"@id":"https:\/\/www.hotelexpressaosta.it\/fr\/chambres\/chambre-deluxe\/chambre-deluxe-double\/#primaryimage"},"thumbnailUrl":"https:\/\/www.hotelexpressaosta.it\/wp-content\/uploads\/sites\/171\/2025\/12\/220-Deluxe-M-2\u00b0p-10pro.jpeg","datePublished":"2024-10-18T08:27:35+00:00","dateModified":"2024-12-10T16:44:27+00:00","description":"R\u00e9cemment r\u00e9nov\u00e9es, les chambres Deluxe du deuxi\u00e8me \u00e9tage offrent un cadre \u00e9l\u00e9gant qui c\u00e9l\u00e8bre la beaut\u00e9 du paysage vald\u00f4tain. Les chambres sont caract\u00e9ris\u00e9es par une gigantographie des montagnes ou des ch\u00e2teaux de la Vall\u00e9e d'Aoste, cr\u00e9ant une atmosph\u00e8re unique. Ces chambres sont con\u00e7ues pour garantir un confort optimal, avec un vaste espace de s\u00e9jour am\u00e9nag\u00e9 avec un canap\u00e9 confortable et deux fauteuils, parfait pour un moment de d\u00e9tente. Avec une superficie de 30 m\u00b2, notre chambre Deluxe est id\u00e9ale pour un s\u00e9jour confortable \u00e0 Aoste. &nbsp;","breadcrumb":{"@id":"https:\/\/www.hotelexpressaosta.it\/fr\/chambres\/chambre-deluxe\/chambre-deluxe-double\/#breadcrumb"},"inLanguage":"fr-FR","potentialAction":[{"@type":"ReadAction","target":["https:\/\/www.hotelexpressaosta.it\/fr\/chambres\/chambre-deluxe\/chambre-deluxe-double\/"]}]},{"@type":"ImageObject","inLanguage":"fr-FR","@id":"https:\/\/www.hotelexpressaosta.it\/fr\/chambres\/chambre-deluxe\/chambre-deluxe-double\/#primaryimage","url":"https:\/\/www.hotelexpressaosta.it\/wp-content\/uploads\/sites\/171\/2025\/12\/220-Deluxe-M-2\u00b0p-10pro.jpeg","contentUrl":"https:\/\/www.hotelexpressaosta.it\/wp-content\/uploads\/sites\/171\/2025\/12\/220-Deluxe-M-2\u00b0p-10pro.jpeg","width":1594,"height":1200},{"@type":"BreadcrumbList","@id":"https:\/\/www.hotelexpressaosta.it\/fr\/chambres\/chambre-deluxe\/chambre-deluxe-double\/#breadcrumb","itemListElement":[{"@type":"ListItem","position":1,"name":"Home","item":"https:\/\/www.hotelexpressaosta.it\/fr\/"},{"@type":"ListItem","position":2,"name":"Chambres","item":"https:\/\/www.hotelexpressaosta.it\/fr\/chambres\/"},{"@type":"ListItem","position":3,"name":"Chambre Deluxe","item":"https:\/\/www.hotelexpressaosta.it\/fr\/chambres\/chambre-deluxe\/"},{"@type":"ListItem","position":4,"name":"Chambre Deluxe Double"}]},{"@type":"WebSite","@id":"https:\/\/www.hotelexpressaosta.it\/fr\/#website","url":"https:\/\/www.hotelexpressaosta.it\/fr\/","name":"Express Hotel Aosta","description":"Express H\u00f4tel situ\u00e9 au c\u0153ur d'Aoste","publisher":{"@id":"https:\/\/www.hotelexpressaosta.it\/fr\/#organization"},"alternateName":"Express Hotel Aosta","potentialAction":[{"@type":"SearchAction","target":{"@type":"EntryPoint","urlTemplate":"https:\/\/www.hotelexpressaosta.it\/fr\/?s={search_term_string}"},"query-input":{"@type":"PropertyValueSpecification","valueRequired":true,"valueName":"search_term_string"}}],"inLanguage":"fr-FR"},{"@type":"Organization","@id":"https:\/\/www.hotelexpressaosta.it\/fr\/#organization","name":"Express Hotel Aosta","alternateName":"Express Hotel Aosta","url":"https:\/\/www.hotelexpressaosta.it\/fr\/","logo":{"@type":"ImageObject","inLanguage":"fr-FR","@id":"https:\/\/www.hotelexpressaosta.it\/fr\/#\/schema\/logo\/image\/","url":"https:\/\/www.hotelexpressaosta.it\/wp-content\/uploads\/sites\/171\/2024\/10\/1-logo-express.png","contentUrl":"https:\/\/www.hotelexpressaosta.it\/wp-content\/uploads\/sites\/171\/2024\/10\/1-logo-express.png","width":250,"height":77,"caption":"Express Hotel Aosta"},"image":{"@id":"https:\/\/www.hotelexpressaosta.it\/fr\/#\/schema\/logo\/image\/"},"sameAs":["https:\/\/www.facebook.com\/ExpressAosta","https:\/\/x.com\/hotelexpressao"]}]}},"acf":[],"_links":{"self":[{"href":"https:\/\/www.hotelexpressaosta.it\/fr\/wp-json\/wp\/v2\/pages\/754","targetHints":{"allow":["GET"]}}],"collection":[{"href":"https:\/\/www.hotelexpressaosta.it\/fr\/wp-json\/wp\/v2\/pages"}],"about":[{"href":"https:\/\/www.hotelexpressaosta.it\/fr\/wp-json\/wp\/v2\/types\/page"}],"author":[{"embeddable":true,"href":"https:\/\/www.hotelexpressaosta.it\/fr\/wp-json\/wp\/v2\/users\/12"}],"replies":[{"embeddable":true,"href":"https:\/\/www.hotelexpressaosta.it\/fr\/wp-json\/wp\/v2\/comments?post=754"}],"version-history":[{"count":0,"href":"https:\/\/www.hotelexpressaosta.it\/fr\/wp-json\/wp\/v2\/pages\/754\/revisions"}],"up":[{"embeddable":true,"href":"https:\/\/www.hotelexpressaosta.it\/fr\/wp-json\/wp\/v2\/pages\/763"}],"wp:featuredmedia":[{"embeddable":true,"href":"https:\/\/www.hotelexpressaosta.it\/fr\/wp-json\/wp\/v2\/media\/1302"}],"wp:attachment":[{"href":"https:\/\/www.hotelexpressaosta.it\/fr\/wp-json\/wp\/v2\/media?parent=754"}],"curies":[{"name":"wp","href":"https:\/\/api.w.org\/{rel}","templated":true}]}}